{"id":12,"date":"2023-02-21T11:23:54","date_gmt":"2023-02-21T11:23:54","guid":{"rendered":"https:\/\/www.am-spiegelgasse.de\/?page_id=12"},"modified":"2026-04-21T15:18:10","modified_gmt":"2026-04-21T13:18:10","slug":"aktuell","status":"publish","type":"page","link":"https:\/\/www.am-spiegelgasse.de\/","title":{"rendered":"Aktuell"},"content":{"rendered":"\n<p class=\"has-white-color has-vivid-cyan-blue-background-color has-text-color has-background\" style=\"font-size:2.2rem\">Aktuell<\/p>\n\n\n\n<p><\/p><hr><p><\/p>\n<span class=\"klein\">21.04.2026<\/span>\n<h3 class=\"aktuell_headline_1\">Dienstag 05.05.2026, 12 Uhr, Gedenkraum, Rathaus Wiesbaden, Schlossplatz<\/h3>\n<p>\nPr\u00e4sentation neuer Erinnerungsbl\u00e4tter zur Erinnerung an Adelheid Kneip und ihre Schwester Henriette, sowie an Franziska Rosenthal geb. Kallmann\n<\/p>\n\n\n\n<p><\/p><hr><p><\/p>\n<span class=\"klein\">13.04.2026<\/span>\n<h3 class=\"aktuell_headline_1\">Film zu den Wiesbadener Stolpersteinverlegungen<\/h3>\n<p>\nIm Auftrag des AMS hat der Filmemacher und Schauspieler Moritz Buch am 9. September 2025 bei uns in Wiesbaden mehrere Stolpersteinverlegungen mit der Kamera festgehalten.\n<br><br><a href=\"https:\/\/www.am-spiegelgasse.de\/index.php\/filme#stst\" class=\"aktuell_a\">Weiterlesen und Video anschauen&#8230;<\/a>\n<\/p>\n\n\n\n<p><\/p><hr><p><\/p>\n<span class=\"klein\">24.01.2026<\/span>\n\n\n\n<p class=\"has-vivid-cyan-blue-color has-text-color has-link-color has-medium-font-size wp-elements-c7915d3fd13976bf67a8be32b9747a32\"><br>Unsere Ausstellung ist bis einschlie\u00dflich Ende Februar geschlossen.<\/p>\n\n\n\n<p>Danach geht es mit vollem Einsatz wieder los!<br>Auch unsere erweiterten \u00d6ffnungszeiten: immer <strong>donnerstags und freitags, von 15-19 Uhr<\/strong> \u2013 gelten dann wieder!<br><br>Pers\u00f6nliche F\u00fchrungen (bereits ab 2 Personen!) bieten wir nach wie vor an!<br>Und auch unser Kombi-Angebot aus F\u00fchrung und Vortrag (ebenfalls schon ab 2 Personen!) k\u00f6nnen Sie sehr gerne nutzen.<\/p>\n\n\n\n<p class=\"has-vivid-cyan-blue-color has-text-color has-link-color has-medium-font-size wp-elements-211f9f4377ffbedf45c7666c95ca0d9f\"><br>F\u00fchrung mit Vortrag<\/p>\n\n\n\n<p>Wann:<br>An <strong>jedem ersten Samstag im Monat<\/strong> k\u00f6nnen Interessierte entweder <strong>um 11 Uhr oder um 16 Uhr <\/strong>eine F\u00fchrung mit Vortrag buchen.<br>Dauer: ca. 30-45 Minuten<br><br>Wo: Austellungshaus Spiegelgasse 11<br>Eintritt frei.<\/p>\n\n\n\n<p><strong>Reservierungen <\/strong>bitte sp\u00e4testens bis 12 Uhr des <strong>Vortags<\/strong> telefonisch unter: <strong>0157 &#8211; 504 349 68<\/strong><\/p>\n\n\n\n<p><\/p><hr><p><\/p>\n<span class=\"klein\">07.01.2026<\/span>\n<h3 class=\"aktuell_headline_1\">Die unbekannten Judenhelfer<\/h3>\n<p>\nWie Zeugen Jehovas im Nationalsozialismus Juden beistanden.\n<\/br>\nBuchvorstellung von Christoph Wilker\n<\/br>\nEinleitend gibt Inge Naumann-G\u00f6tting, vom Aktiven Museum Spiegelgasse f\u00fcr Deutsch-J\u00fcdische Geschichte in Wiesbaden e.V., einen \u00dcberblick \u00fcber Wiesbaden im Nationalsozialismus.\n<\/p>\n<p>\nTermin:<\/br>\nDonnerstag, 05. Februar 2026<\/br>\n<b>18:00 Uhr<\/b>, Stadtarchiv Wiesbaden<\/br>\n<\/p>\n<p>\nEine Veranstaltung der Geschichtswerkstatt Lila Winkel in Kooperation mit dem Stadtarchiv Wiesbaden\n<\/p>\n\n\n\n<div class=\"wp-block-columns is-layout-flex wp-container-core-columns-is-layout-28f84493 wp-block-columns-is-layout-flex\">\n<div class=\"wp-block-column is-layout-flow wp-block-column-is-layout-flow\" style=\"flex-basis:30%\">\n<p><a href=\"https:\/\/www.am-spiegelgasse.de\/wp-content\/uploads\/2026\/01\/erinnern2026-002.pdf\" data-type=\"attachment\" data-id=\"2116\" target=\"_blank\" rel=\"noreferrer noopener nofollow\" class=\"aktuell_a\">Download Die unbekannten Judenhelfer<\/a><\/p>\n<\/div>\n\n\n\n<div class=\"wp-block-column is-layout-flow wp-block-column-is-layout-flow\" style=\"flex-basis:30%\">\n<p><a href=\"https:\/\/www.am-spiegelgasse.de\/wp-content\/uploads\/2025\/12\/erinnern2026.pdf\" data-type=\"attachment\" data-id=\"2117\" target=\"_blank\" rel=\"noreferrer noopener nofollow\" class=\"aktuell_a\">Download kompl. Flyer<\/a><\/p>\n<\/div>\n\n\n\n<div class=\"wp-block-column is-layout-flow wp-block-column-is-layout-flow\" style=\"flex-basis:40%\"><\/div>\n<\/div>\n\n\n\n<p><\/p><hr><p><\/p>\n<span class=\"klein\">07.01.2026<\/span>\n<h3 class=\"aktuell_headline_1\">Dienstag 03.02.2026, 12 Uhr, Gedenkraum, Rathaus Wiesbaden, Schlossplatz<\/h3>\n<p>\nPr\u00e4sentation neuer Erinnerungsbl\u00e4tter zur Erinnerung an Selma Sch\u00fcler geb. Strau\u00df sowie an Moritz und Johanna Liffmann.\n<\/p>\n\n\n\n<p><\/p><hr><p><\/p>\n<span class=\"klein\">03.12.2025<\/span>\n<h3 class=\"aktuell_headline_1\">Gru\u00dfwort von Georg Habs (AMS)<\/h3>\n<p>\nzur feierlichen Er\u00f6ffnung des neu gestalteten Platzes an der Spiegelgasse am Samstag, dem 29. November 2025 von 14:00 \u2013 ca. 16:30 Uhr\n<\/p>\n<p>\nVielen meiner Freundinnen und Freunden sagt dieser Ort bis heute nichts. Was man nicht kennt, bleibt einem fremd, bleibt gesichtslos.\n<br>\nTats\u00e4chlich hat dieser Ort viel zu erz\u00e4hlen.\n<br><br>\n<a href=\"https:\/\/www.am-spiegelgasse.de\/index.php\/platzeroeffnung\/\" class=\"aktuell_a\">Weiterlesen<\/a>\n<\/p>\n\n\n\n<div class=\"wp-block-columns is-layout-flex wp-container-core-columns-is-layout-28f84493 wp-block-columns-is-layout-flex\">\n<div class=\"wp-block-column is-layout-flow wp-block-column-is-layout-flow\" style=\"flex-basis:20%\">\n<p><a class=\"aktuell_a\" href=\"https:\/\/www.am-spiegelgasse.de\/wp-content\/uploads\/2025\/12\/erinnern2026_S10.pdf\" data-type=\"attachment\" data-id=\"2116\" target=\"_blank\" rel=\"noreferrer noopener nofollow\">Download AMS-Veranstaltung<\/a><\/p>\n<\/div>\n\n\n\n<div class=\"wp-block-column is-layout-flow wp-block-column-is-layout-flow\" style=\"flex-basis:20%\">\n<p><a href=\"https:\/\/www.am-spiegelgasse.de\/wp-content\/uploads\/2025\/12\/erinnern2026.pdf\" data-type=\"attachment\" data-id=\"2117\" target=\"_blank\" rel=\"noreferrer noopener nofollow\" class=\"aktuell_a\">Download kompl. Flyer<\/a><\/p>\n<\/div>\n\n\n\n<div class=\"wp-block-column is-layout-flow wp-block-column-is-layout-flow\" style=\"flex-basis:60%\"><\/div>\n<\/div>\n\n\n\n<p><\/p><hr><p><\/p>\n<span class=\"klein\">01.12.2025<\/span>\n<h3 class=\"aktuell_headline_1\">F\u00fcr eine Fortbildungsveranstaltung<\/h3>\n<p>\nder \u00a0Wiesbadener G\u00e4stef\u00fchrerinnen und G\u00e4stef\u00fchrer vom 22. November 2025 haben wir zwei Bildervortr\u00e4ge erstellt, die sie hier einsehen k\u00f6nnen:\n<\/p>\n\n\n\n<div class=\"wp-block-columns is-layout-flex wp-container-core-columns-is-layout-28f84493 wp-block-columns-is-layout-flex\">\n<div class=\"wp-block-column is-layout-flow wp-block-column-is-layout-flow\" style=\"flex-basis:20%\">\n<p><a href=\"https:\/\/www.am-spiegelgasse.de\/wp-content\/uploads\/2025\/12\/2025-11-12_DIE_GEBAEUDE_DER_VEREIN.pdf\" data-type=\"attachment\" data-id=\"2101\" target=\"_blank\" rel=\"noreferrer noopener nofollow\" class=\"aktuell_a\">DIE GEB\u00c4UDE DER VEREIN<\/a><\/p>\n<\/div>\n\n\n\n<div class=\"wp-block-column is-layout-flow wp-block-column-is-layout-flow\" style=\"flex-basis:20%\">\n<p><a href=\"https:\/\/www.am-spiegelgasse.de\/wp-content\/uploads\/2025\/12\/2025-11-12_Wiesbadener_Synagogen.pdf\" data-type=\"attachment\" data-id=\"2100\" target=\"_blank\" rel=\"noreferrer noopener nofollow\" class=\"aktuell_a\">Wiesbadener Synagogen<\/a><\/p>\n<\/div>\n\n\n\n<div class=\"wp-block-column is-layout-flow wp-block-column-is-layout-flow\" style=\"flex-basis:60%\"><\/div>\n<\/div>\n\n\n\n<p><\/p><hr><p><\/p>\n<span class=\"klein\">24.11.2025<\/span>\n<h3 class=\"aktuell_headline_1\">Neue AMS-Angebote<\/h3>\n\n\n\n<ol class=\"wp-block-list\">\n<li style=\"font-size:1.1rem\">Erweiterte \u00d6ffnungszeiten<br>Wann: Immer Donnerstags und Freitags, ab sofort 15 &#8211; 19 Uhr<br>Wo: Austellungshaus Spiegelgasse 11<br><br><\/li>\n\n\n\n<li style=\"font-size:1.1rem\">F\u00fchrung mit Vortrag<br>Wann: An <strong>jedem ersten Samstag im Monat<\/strong> k\u00f6nnen Interessierte entweder <strong>um 11 Uhr oder um 16 Uhr <\/strong>eine F\u00fchrung mit Vortrag buchen<br>Dauer: ca. 30 &#8211; 45 Minuten<br><strong>Reservierung <\/strong>sp\u00e4testens <strong>einen Tag vorher erforderlich<\/strong><br>Unter: <strong><strong>0157 &#8211; 504 349 68<\/strong><\/strong><\/li>\n<\/ol>\n\n\n\n<p><\/p><hr><p><\/p>\n<span class=\"klein\">10.09.2025<\/span>\n\n\n\n<p class=\"has-vivid-cyan-blue-color has-text-color has-link-color has-medium-font-size\">Sonntag, 14. September 2025<br>Tag des offenen Denkmals<br><span style=\"font-size: 0.8em;\">Wert-voll: unbezahlbar oder unersetzlich?<\/span><\/p><p><a href=\"https:\/\/www.am-spiegelgasse.de\/wp-content\/uploads\/2025\/09\/14_09_2025_Tag_des_offenen_Denkmals.pdf\" target=\"_blank\" class=\"aktuell_b\">Flyer zum Runterladen&nbsp;&nbsp;<img decoding=\"async\" src=\"https:\/\/www.am-spiegelgasse.de\/wp-content\/uploads\/2023\/04\/download-e1682760620380.png\" width=\"30\" border=\"0\"><\/a><\/p>\n\n\n\n<p><\/p><hr><p><\/p>\n<span class=\"klein\">17.09.2025<\/span>\n<h3 class=\"aktuell_headline_1\">Der 800. \u201eStolperstein\u201c f\u00fcr Wiesbaden ist verlegt!<\/h3>\n<p>\n<a href=\"https:\/\/www.am-spiegelgasse.de\/index.php\/stolpersteine#800\" class=\"aktuell_a\">Weiterlesen<\/a>\n<\/p>\n\n\n\n<p><\/p><hr><p><\/p>\n<h3 class=\"aktuell_headline_1\">Unsere aktuelle Ausstellung im Haus Spiegelgasse 11<\/h3>\n<p>\n<a class=\"aktuell_a aktuell_headline_1\" href=\"https:\/\/www.am-spiegelgasse.de\/index.php\/ausstellung\/\"><b>FORMEN DER  ERINNERUNG<\/b><\/a><br>\nErinnerungsbl\u00e4tter &#8211; Stolpersteine &#8211; Deportationsfotos\n<\/p>\n<p>\nDiese Ausstellung hat Menschen aus Wiesbaden und aus aller Welt etwas zu bieten, das in knapper und verst\u00e4ndlicher Form greifbar macht, was die Arbeit des AMS auszeichnet.\nUnsere Art der Geschichts-Aufschl\u00fcsselung und -Vermittlung unterscheidet sich von anderen.:\nDas Gro\u00dfe und Ganze der Geschichte ist manchmal unfassbar grausam.\nDas AMS bricht alles Gro\u00dfe und Ganze auf Nahbereiche der Wahrnehmung herunter \u2013 auf einzelne Lebensgeschichten, Orte und Ereignisse, die zu Wiesbaden geh\u00f6ren.\nZwei der AMS-Kernaspekte, die Bestandteil dieser Ausstellung sind, leisten dies in beispielhafter Deutlichkeit: Die kontinuierliche Erstellung von \u201eErinnerungsbl\u00e4ttern\u201c sowie die Organisation von \u201eStolperstein\u201c-Verlegungen in Wiesbaden bringen allen interessierten Nachgeborenen die Schicksale von NS-Verfolgten und NS-Opfern wirklich nahe &#8211; mit ihren Lebensgeschichten, Portraits und Zeitzeugnissen wie Briefen.\nDer dritte Darstellungsschwerpunkt liegt auf der Auseinandersetzung mit den Wiesbadener Deportationsfotos.<\/p>\n\n\n\n<p><\/p><hr><p><\/p>\n<span class=\"klein\">03.09.2025<\/span>\n<h3 class=\"aktuell_headline_1\">Bergsport und Skifahren haben sie jung gehalten<\/h3>\n<p>\nMarianne Berndsen feiert 100. Geburtstag.\n<\/p>\n<p>\n<a href=\"https:\/\/www.am-spiegelgasse.de\/wp-content\/uploads\/2025\/09\/20250815_WK_Bergsport_und_Skifahren_haben_sie_jung_gehalten.pdf\" target=\"_blank\" class=\"aktuell_a\">Weiterlesen<\/a>\n<\/p>\n<p><\/p><hr><p><\/p>\n\n\n\n<p>Wir bedanken uns bei unseren gegenw\u00e4rtigen und vergangenen F\u00f6rderern. Ohne ihre finanzielle Unterst\u00fctzung w\u00e4re unsere wichtige Arbeit zur Erinnerungs- und Gedenkkultur, zur politischen Bildung und zur Aufarbeitung der Deutsch-J\u00fcdischen und speziell der Wiesbadener Geschichte nicht m\u00f6glich.<\/p>\n\n\n\n<div style=\"height:20px\" aria-hidden=\"true\" class=\"wp-block-spacer\"><\/div>\n\n\n\n<div class=\"wp-block-columns is-layout-flex wp-container-core-columns-is-layout-28f84493 wp-block-columns-is-layout-flex\">\n<div class=\"wp-block-column is-vertically-aligned-top is-layout-flow wp-block-column-is-layout-flow\" style=\"flex-basis:33.34%\">\n<figure class=\"wp-block-image alignleft size-large is-resized\"><img loading=\"lazy\" decoding=\"async\" width=\"1024\" height=\"900\" src=\"https:\/\/www.am-spiegelgasse.de\/wp-content\/uploads\/2025\/03\/Logo_Kulturamt_farbig-1024x900.jpg\" alt=\"\" class=\"wp-image-1795\" style=\"width:auto;height:110px\" srcset=\"https:\/\/www.am-spiegelgasse.de\/wp-content\/uploads\/2025\/03\/Logo_Kulturamt_farbig-1024x900.jpg 1024w, https:\/\/www.am-spiegelgasse.de\/wp-content\/uploads\/2025\/03\/Logo_Kulturamt_farbig-300x264.jpg 300w, https:\/\/www.am-spiegelgasse.de\/wp-content\/uploads\/2025\/03\/Logo_Kulturamt_farbig-768x675.jpg 768w, https:\/\/www.am-spiegelgasse.de\/wp-content\/uploads\/2025\/03\/Logo_Kulturamt_farbig-1536x1351.jpg 1536w, https:\/\/www.am-spiegelgasse.de\/wp-content\/uploads\/2025\/03\/Logo_Kulturamt_farbig-2048x1801.jpg 2048w, https:\/\/www.am-spiegelgasse.de\/wp-content\/uploads\/2025\/03\/Logo_Kulturamt_farbig-1000x879.jpg 1000w, https:\/\/www.am-spiegelgasse.de\/wp-content\/uploads\/2025\/03\/Logo_Kulturamt_farbig-230x202.jpg 230w, https:\/\/www.am-spiegelgasse.de\/wp-content\/uploads\/2025\/03\/Logo_Kulturamt_farbig-350x308.jpg 350w, https:\/\/www.am-spiegelgasse.de\/wp-content\/uploads\/2025\/03\/Logo_Kulturamt_farbig-480x422.jpg 480w\" sizes=\"auto, (max-width: 1024px) 100vw, 1024px\" \/><\/figure>\n<\/div>\n\n\n\n<div class=\"wp-block-column is-vertically-aligned-top is-layout-flow wp-block-column-is-layout-flow\" style=\"flex-basis:33.34%\">\n<figure class=\"wp-block-image aligncenter size-large is-resized\"><img loading=\"lazy\" decoding=\"async\" width=\"1024\" height=\"280\" src=\"https:\/\/www.am-spiegelgasse.de\/wp-content\/uploads\/2025\/03\/Logo-Ortsbeirat-Mitte-farbig-1024x280.jpg\" alt=\"\" class=\"wp-image-1796\" style=\"width:auto;height:90px\" srcset=\"https:\/\/www.am-spiegelgasse.de\/wp-content\/uploads\/2025\/03\/Logo-Ortsbeirat-Mitte-farbig-1024x280.jpg 1024w, https:\/\/www.am-spiegelgasse.de\/wp-content\/uploads\/2025\/03\/Logo-Ortsbeirat-Mitte-farbig-300x82.jpg 300w, https:\/\/www.am-spiegelgasse.de\/wp-content\/uploads\/2025\/03\/Logo-Ortsbeirat-Mitte-farbig-768x210.jpg 768w, https:\/\/www.am-spiegelgasse.de\/wp-content\/uploads\/2025\/03\/Logo-Ortsbeirat-Mitte-farbig-1000x273.jpg 1000w, https:\/\/www.am-spiegelgasse.de\/wp-content\/uploads\/2025\/03\/Logo-Ortsbeirat-Mitte-farbig-230x63.jpg 230w, https:\/\/www.am-spiegelgasse.de\/wp-content\/uploads\/2025\/03\/Logo-Ortsbeirat-Mitte-farbig-350x96.jpg 350w, https:\/\/www.am-spiegelgasse.de\/wp-content\/uploads\/2025\/03\/Logo-Ortsbeirat-Mitte-farbig-480x131.jpg 480w, https:\/\/www.am-spiegelgasse.de\/wp-content\/uploads\/2025\/03\/Logo-Ortsbeirat-Mitte-farbig.jpg 1534w\" sizes=\"auto, (max-width: 1024px) 100vw, 1024px\" \/><\/figure>\n<\/div>\n\n\n\n<div class=\"wp-block-column is-vertically-aligned-top is-layout-flow wp-block-column-is-layout-flow\" style=\"flex-basis:33.33%\">\n<figure class=\"wp-block-image alignright size-large is-resized\"><img loading=\"lazy\" decoding=\"async\" width=\"1024\" height=\"528\" src=\"https:\/\/www.am-spiegelgasse.de\/wp-content\/uploads\/2025\/03\/Logo-Spielbank-Wiesbaden_claim_schwarz-1024x528.png\" alt=\"\" class=\"wp-image-1797\" style=\"width:auto;height:100px\" srcset=\"https:\/\/www.am-spiegelgasse.de\/wp-content\/uploads\/2025\/03\/Logo-Spielbank-Wiesbaden_claim_schwarz-1024x528.png 1024w, https:\/\/www.am-spiegelgasse.de\/wp-content\/uploads\/2025\/03\/Logo-Spielbank-Wiesbaden_claim_schwarz-300x155.png 300w, https:\/\/www.am-spiegelgasse.de\/wp-content\/uploads\/2025\/03\/Logo-Spielbank-Wiesbaden_claim_schwarz-768x396.png 768w, https:\/\/www.am-spiegelgasse.de\/wp-content\/uploads\/2025\/03\/Logo-Spielbank-Wiesbaden_claim_schwarz-1536x791.png 1536w, https:\/\/www.am-spiegelgasse.de\/wp-content\/uploads\/2025\/03\/Logo-Spielbank-Wiesbaden_claim_schwarz-1000x515.png 1000w, https:\/\/www.am-spiegelgasse.de\/wp-content\/uploads\/2025\/03\/Logo-Spielbank-Wiesbaden_claim_schwarz-230x118.png 230w, https:\/\/www.am-spiegelgasse.de\/wp-content\/uploads\/2025\/03\/Logo-Spielbank-Wiesbaden_claim_schwarz-350x180.png 350w, https:\/\/www.am-spiegelgasse.de\/wp-content\/uploads\/2025\/03\/Logo-Spielbank-Wiesbaden_claim_schwarz-480x247.png 480w, https:\/\/www.am-spiegelgasse.de\/wp-content\/uploads\/2025\/03\/Logo-Spielbank-Wiesbaden_claim_schwarz.png 1980w\" sizes=\"auto, (max-width: 1024px) 100vw, 1024px\" \/><\/figure>\n<\/div>\n<\/div>\n\n\n\n<div style=\"height:20px\" aria-hidden=\"true\" class=\"wp-block-spacer\"><\/div>\n\n\n\n<hr class=\"wp-block-separator has-alpha-channel-opacity\"\/>\n\n\n\n<span class=\"klein\">18.03.2025<\/span>\n\n\n\n<div style=\"height:10px\" aria-hidden=\"true\" class=\"wp-block-spacer\"><\/div>\n\n\n\n<div class=\"wp-block-columns is-layout-flex wp-container-core-columns-is-layout-28f84493 wp-block-columns-is-layout-flex\">\n<div class=\"wp-block-column is-layout-flow wp-block-column-is-layout-flow\" style=\"flex-basis:100%\">\n<div class=\"wp-block-media-text is-stacked-on-mobile\" style=\"grid-template-columns:29% auto\"><figure class=\"wp-block-media-text__media\"><img loading=\"lazy\" decoding=\"async\" width=\"300\" height=\"226\" src=\"https:\/\/www.am-spiegelgasse.de\/wp-content\/uploads\/2025\/03\/Pressefoto-Umbaumassnahme-Spiegelgasse-Platz-18.03.2025-300x226.jpg\" alt=\"\" class=\"wp-image-1819 size-medium\" srcset=\"https:\/\/www.am-spiegelgasse.de\/wp-content\/uploads\/2025\/03\/Pressefoto-Umbaumassnahme-Spiegelgasse-Platz-18.03.2025-300x226.jpg 300w, https:\/\/www.am-spiegelgasse.de\/wp-content\/uploads\/2025\/03\/Pressefoto-Umbaumassnahme-Spiegelgasse-Platz-18.03.2025-1024x771.jpg 1024w, https:\/\/www.am-spiegelgasse.de\/wp-content\/uploads\/2025\/03\/Pressefoto-Umbaumassnahme-Spiegelgasse-Platz-18.03.2025-768x578.jpg 768w, https:\/\/www.am-spiegelgasse.de\/wp-content\/uploads\/2025\/03\/Pressefoto-Umbaumassnahme-Spiegelgasse-Platz-18.03.2025-1536x1157.jpg 1536w, https:\/\/www.am-spiegelgasse.de\/wp-content\/uploads\/2025\/03\/Pressefoto-Umbaumassnahme-Spiegelgasse-Platz-18.03.2025-2048x1542.jpg 2048w, https:\/\/www.am-spiegelgasse.de\/wp-content\/uploads\/2025\/03\/Pressefoto-Umbaumassnahme-Spiegelgasse-Platz-18.03.2025-1000x753.jpg 1000w, https:\/\/www.am-spiegelgasse.de\/wp-content\/uploads\/2025\/03\/Pressefoto-Umbaumassnahme-Spiegelgasse-Platz-18.03.2025-230x173.jpg 230w, https:\/\/www.am-spiegelgasse.de\/wp-content\/uploads\/2025\/03\/Pressefoto-Umbaumassnahme-Spiegelgasse-Platz-18.03.2025-350x264.jpg 350w, https:\/\/www.am-spiegelgasse.de\/wp-content\/uploads\/2025\/03\/Pressefoto-Umbaumassnahme-Spiegelgasse-Platz-18.03.2025-480x361.jpg 480w\" sizes=\"auto, (max-width: 300px) 100vw, 300px\" \/><\/figure><div class=\"wp-block-media-text__content\">\n<p>Einer neuer Platz f\u00fcr Kultur, Stadtgeschichte und Kulinarik entsteht vor dem AMS:<br>In der Spiegelgasse wird der kleine Platz neu gestaltet zu einem Ort des Verweilens, der Begegnung, der Gastronomie und der Informationsm\u00f6glichkeit \u00fcber die Kultur- und Gastronomie-Einrichtungen sowie \u00fcber die Geschichte der Geb\u00e4ude rings um. Eine Kulturstele wird \u00fcber diese informieren und eine begr\u00fcnte Terrasse wird das Stadtbild versch\u00f6nern.<br>Wir sind sehr gespannt!<br>Weitere Informationen auf <a href=\"https:\/\/www.wiesbaden.de\/medien\/rathausnachrichten\/PM_Zielseite.php?showpm=true&amp;pmurl=https:\/\/www.wiesbaden.de\/guiapplications\/newsdesk\/publications\/Landeshauptstadt_Wiesbaden\/141010100000480388.php\">wiesbaden.de<\/a><\/p>\n<\/div><\/div>\n<\/div>\n<\/div>\n\n\n\n<p><\/p><hr><p><\/p>\n<p>\n<span class=\"klein\">20.02.2025<\/span><\/p>\n<h3 class=\"aktuell_headline_1\">Hier eine kleine Empfehlung:<\/h3>\n<p>\nDas ist endlich mal wieder ein richtig guter, kreativer, sch\u00f6ner und eindrucksvoller Ansatz, das #NieWiederIstJetzt und seine Relevanz darzustellen! <\/br><a class=\"aktuell_a\" href=\"https:\/\/youtu.be\/NGVtEf7Q6O0?feature=shared\" target=\"_blank\">Hier geht es zum YouTube-Video<\/a>.\n<\/p>\n\n\n\n<p><\/p><hr><p><\/p>\n<p>\n<span class=\"klein\">04.02.2025<\/span><\/p>\n<h3 class=\"aktuell_headline_1\">Die neue Suchmaschine f\u00fcr Erinnerungsbl\u00e4tter ist online<\/h3>\n<p>\nDer erste Teil unserer neuen Suchmaschine f\u00fcr Erinnerungsbl\u00e4tter ist online, und <a class=\"aktuell_a\" href=\"https:\/\/www.am-spiegelgasse.de\/index.php\/EB-Suche\/\">\u00fcber diesen Link<\/a> oder \u00fcber das Men\u00fc im Bereich &#8222;Erinnerungsbl\u00e4tter&#8220; erreichbar.\n<\/p>\n\n\n\n<p><\/p><hr><p><\/p>\n<p><\/p><h3 class=\"aktuell_headline_1\">Fluchtziel Uruguay 1933-1943<\/h3>\nJuden aus Wiesbaden und dem Rheingau in Montevideo.\n<p>\n<h4>Vortrag von Dr. Sonja Wegner<\/h4>\nDonnerstag, 28 November 2024, 19:00 bis 20:30 Uhr<br>\nAktives Museum Spiegelgasse f\u00fcr Deutsch-J\u00fcdische Geschichte in Wiesbaden e.V,  (AMS)<br>\nAusstellungshaus, Spiegelgasse 11, 65183 Wiesbaden\n<\/p>\n<p>\nFrau Dr. Wegener hat sich seit 1993 vor Ort in Montevideo und im \u00fcbrigen Uruguay kundig gemacht, hat diesseits und jenseits des gro\u00dfen Teichs in Archiven gr\u00fcndlich recherchiert.\n<br><br>\nEtwa 10.000 deutschsprachige Fl\u00fcchtlinge, meist J\u00fcdinnen und Juden, haben als erste Station ihres Exils in S\u00fcdamerika Uruguay angesteuert. Ihr \u201eDort-Hin\u201c, ihr \u201eDort-Bleiben\u201c oder \u201eWeiter-Ziehen\u201c sind eingehende Betrachtungen wert. \n<br><br>\nFrau Dr. Wegner liefert uns Fakten, Analysen und Anekdoten \u2013 Wichtiges von ganz unterschiedlicher Art und Wahrnehmungsdichte. \n<\/p>\n<p>\n<a class=\"aktuell_a\" href=\"https:\/\/www.am-spiegelgasse.de\/wp-content\/uploads\/2024\/11\/Wegweiser-Plakat-Fluchtziel-Uruguay-1933-1943.pdf\" class=\"aktuell_a\" target=\"_blank\"  rel=\"noopener\">Zum Flyer<\/a>\n<\/p>\n\n\n\n<p><\/p><hr><p><\/p>\n<p><\/p><h3 class=\"aktuell_headline_1\">Artikel des Wiesbadener Kurier vom 01.06.2024<\/h3>\n<p>\n&#8222;Eine Villa in Wiesbaden&#8220;&nbsp;&nbsp;&nbsp;<a class=\"aktuell_a\" href=\"https:\/\/www.am-spiegelgasse.de\/wp-content\/uploads\/2024\/06\/20240601_WK_Eine-Villa_in_Wiesbaden.pdf\" target=\"_blank\" rel=\"noopener\">Artikel lesen<\/a>\n<\/p>\n\n<p><\/p><hr><p><\/p>\n\n\n\n<div class=\"wp-block-columns is-layout-flex wp-container-core-columns-is-layout-28f84493 wp-block-columns-is-layout-flex\">\n<div class=\"wp-block-column is-layout-flow wp-block-column-is-layout-flow\">\n<div style=\"height:20px\" aria-hidden=\"true\" class=\"wp-block-spacer\"><\/div>\n\n\n\n<p>Wir freuen uns \u00fcber Ihren Besuch auf unserer Website. Vielen Dank f\u00fcr Ihr Interesse.<\/p>\n\n\n\n<p>Unser Internetauftritt wird derzeit \u00fcberarbeitet und steht demn\u00e4chst wieder in vollem Umfang zur Verf\u00fcgung.<br>\u00dcber Schwerpunkte unserer Arbeit sowie aktuelle Angebote k\u00f6nnen Sie sich bereits jetzt informieren. In der Men\u00fcleiste werden Sie f\u00fcndig.<br>F\u00fcr weitere Informationen, individuelle Termine und Nachfragen stehen wir Ihnen gerne zur Verf\u00fcgung.<\/p>\n\n\n\n<p><strong>Gesch\u00e4ftsstelle &#8211; Spiegelgasse 9, 65183 Wiesbaden<\/strong><\/p>\n\n\n\n<p>Tel.: 0611 &#8211; 305221<br>Fax: 0611 &#8211; 305650<br>E-Mail: <a href=\"mailto:info@am-spiegelgasse.de\">info[at]am-spiegelgasse.de<\/a><\/p>\n\n\n\n<figure class=\"wp-block-table alignleft\"><table><tbody><tr><td class=\"has-text-align-left\" data-align=\"left\" style=\"border-width: 0px; vertical-align: top;\">Georg Habs (Vorstand)<\/td><td class=\"has-text-align-left\" data-align=\"left\" style=\"border-width: 0px; vertical-align: top;\"><\/td><\/tr><tr><td class=\"has-text-align-left\" data-align=\"left\" style=\"border-width: 0px; vertical-align: top;\">Mobil:<\/td><td class=\"has-text-align-left\" data-align=\"left\" style=\"border-width: 0px; vertical-align: top;\">0157 &#8211; 504 349 68<br>georg.habs[at]t-online.de<\/td><\/tr><\/tbody><\/table><\/figure>\n<\/div>\n<\/div>\n","protected":false},"excerpt":{"rendered":"<p>Aktuell 21.04.2026 Dienstag 05.05.2026, 12 Uhr, Gedenkraum, Rathaus Wiesbaden, Schlossplatz Pr\u00e4sentation neuer Erinnerungsbl\u00e4tter zur Erinnerung an Adelheid Kneip und ihre Schwester Henriette, [&hellip;]<\/p>\n","protected":false},"author":1,"featured_media":0,"parent":0,"menu_order":0,"comment_status":"closed","ping_status":"closed","template":"","meta":{"footnotes":""},"class_list":["post-12","page","type-page","status-publish","hentry"],"_links":{"self":[{"href":"https:\/\/www.am-spiegelgasse.de\/index.php\/wp-json\/wp\/v2\/pages\/12","targetHints":{"allow":["GET"]}}],"collection":[{"href":"https:\/\/www.am-spiegelgasse.de\/index.php\/wp-json\/wp\/v2\/pages"}],"about":[{"href":"https:\/\/www.am-spiegelgasse.de\/index.php\/wp-json\/wp\/v2\/types\/page"}],"author":[{"embeddable":true,"href":"https:\/\/www.am-spiegelgasse.de\/index.php\/wp-json\/wp\/v2\/users\/1"}],"replies":[{"embeddable":true,"href":"https:\/\/www.am-spiegelgasse.de\/index.php\/wp-json\/wp\/v2\/comments?post=12"}],"version-history":[{"count":197,"href":"https:\/\/www.am-spiegelgasse.de\/index.php\/wp-json\/wp\/v2\/pages\/12\/revisions"}],"predecessor-version":[{"id":2277,"href":"https:\/\/www.am-spiegelgasse.de\/index.php\/wp-json\/wp\/v2\/pages\/12\/revisions\/2277"}],"wp:attachment":[{"href":"https:\/\/www.am-spiegelgasse.de\/index.php\/wp-json\/wp\/v2\/media?parent=12"}],"curies":[{"name":"wp","href":"https:\/\/api.w.org\/{rel}","templated":true}]}}