{"id":2134,"date":"2025-12-03T08:52:00","date_gmt":"2025-12-03T07:52:00","guid":{"rendered":"https:\/\/www.am-spiegelgasse.de\/?page_id=2134"},"modified":"2025-12-03T09:49:26","modified_gmt":"2025-12-03T08:49:26","slug":"platzeroeffnung","status":"publish","type":"page","link":"https:\/\/www.am-spiegelgasse.de\/index.php\/platzeroeffnung\/","title":{"rendered":"Platzeroeffnung"},"content":{"rendered":"\n<p class=\"has-global-color-9-color has-vivid-cyan-blue-background-color has-text-color has-background has-link-color wp-elements-d448288e967a56012b874934ca4e0d46\" style=\"font-size:2.2rem\">Gru\u00dfwort von Georg Habs (AMS)<\/p>\n\n\n\n<div class=\"wp-block-group has-background has-global-padding is-layout-constrained wp-block-group-is-layout-constrained\" style=\"background-color:#fafafa\">\n<div class=\"wp-block-columns is-layout-flex wp-container-core-columns-is-layout-28f84493 wp-block-columns-is-layout-flex\">\n<div class=\"wp-block-column is-layout-flow wp-block-column-is-layout-flow\">\n<p class=\"has-medium-font-size\"><strong>zur feierlichen Er\u00f6ffnung des neu gestalteten Platzes an der Spiegelgasse am Samstag, dem 29. November 2025 von 14:00 \u2013 ca. 16:30 Uhr<\/strong><\/p>\n<\/div>\n<\/div>\n<\/div>\n\n\n\n<div class=\"wp-block-group has-background has-global-padding is-layout-constrained wp-block-group-is-layout-constrained\" style=\"background-color:#fafafa\">\n<div class=\"wp-block-columns are-vertically-aligned-top is-layout-flex wp-container-core-columns-is-layout-07b7b7eb wp-block-columns-is-layout-flex\" style=\"border-style:none;border-width:0px;padding-top:0;padding-right:0;padding-bottom:0;padding-left:0\">\n<div class=\"wp-block-column is-vertically-aligned-top is-layout-flow wp-block-column-is-layout-flow\">\n<p>Vielen meiner Freundinnen und Freunden sagt dieser Ort bis heute nichts.<br><br>Was man nicht kennt, bleibt einem fremd, bleibt gesichtslos.<br><br>Tats\u00e4chlich hat dieser Ort viel zu erz\u00e4hlen.<br><br>Ich fange mit Haus Nr. 7 an.<br><br>sten Sie, dass hier ab 1891 \u201eGichtwasser\u201c hergestellt wurde?<\/p>\n\n\n\n<figure data-wp-context=\"{&quot;imageId&quot;:&quot;69f5acfd2758e&quot;}\" data-wp-interactive=\"core\/image\" data-wp-key=\"69f5acfd2758e\" class=\"wp-block-image size-medium wp-lightbox-container\"><img loading=\"lazy\" decoding=\"async\" width=\"300\" height=\"226\" data-wp-class--hide=\"state.isContentHidden\" data-wp-class--show=\"state.isContentVisible\" data-wp-init=\"callbacks.setButtonStyles\" data-wp-on--click=\"actions.showLightbox\" data-wp-on--load=\"callbacks.setButtonStyles\" data-wp-on-window--resize=\"callbacks.setButtonStyles\" src=\"https:\/\/www.am-spiegelgasse.de\/wp-content\/uploads\/2025\/12\/1891_Nr_7_Gichtwasser-Werbung-300x226.jpg\" alt=\"\" class=\"wp-image-2122\" style=\"object-fit:cover\" srcset=\"https:\/\/www.am-spiegelgasse.de\/wp-content\/uploads\/2025\/12\/1891_Nr_7_Gichtwasser-Werbung-300x226.jpg 300w, https:\/\/www.am-spiegelgasse.de\/wp-content\/uploads\/2025\/12\/1891_Nr_7_Gichtwasser-Werbung-1024x770.jpg 1024w, https:\/\/www.am-spiegelgasse.de\/wp-content\/uploads\/2025\/12\/1891_Nr_7_Gichtwasser-Werbung-768x577.jpg 768w, https:\/\/www.am-spiegelgasse.de\/wp-content\/uploads\/2025\/12\/1891_Nr_7_Gichtwasser-Werbung-1000x752.jpg 1000w, https:\/\/www.am-spiegelgasse.de\/wp-content\/uploads\/2025\/12\/1891_Nr_7_Gichtwasser-Werbung-230x173.jpg 230w, https:\/\/www.am-spiegelgasse.de\/wp-content\/uploads\/2025\/12\/1891_Nr_7_Gichtwasser-Werbung-350x263.jpg 350w, https:\/\/www.am-spiegelgasse.de\/wp-content\/uploads\/2025\/12\/1891_Nr_7_Gichtwasser-Werbung-480x361.jpg 480w, https:\/\/www.am-spiegelgasse.de\/wp-content\/uploads\/2025\/12\/1891_Nr_7_Gichtwasser-Werbung.jpg 1330w\" sizes=\"auto, (max-width: 300px) 100vw, 300px\" \/><button\n\t\t\tclass=\"lightbox-trigger\"\n\t\t\ttype=\"button\"\n\t\t\taria-haspopup=\"dialog\"\n\t\t\taria-label=\"Vergr\u00f6\u00dfern\"\n\t\t\tdata-wp-init=\"callbacks.initTriggerButton\"\n\t\t\tdata-wp-on--click=\"actions.showLightbox\"\n\t\t\tdata-wp-style--right=\"state.imageButtonRight\"\n\t\t\tdata-wp-style--top=\"state.imageButtonTop\"\n\t\t>\n\t\t\t<svg xmlns=\"http:\/\/www.w3.org\/2000\/svg\" width=\"12\" height=\"12\" fill=\"none\" viewBox=\"0 0 12 12\">\n\t\t\t\t<path fill=\"#fff\" d=\"M2 0a2 2 0 0 0-2 2v2h1.5V2a.5.5 0 0 1 .5-.5h2V0H2Zm2 10.5H2a.5.5 0 0 1-.5-.5V8H0v2a2 2 0 0 0 2 2h2v-1.5ZM8 12v-1.5h2a.5.5 0 0 0 .5-.5V8H12v2a2 2 0 0 1-2 2H8Zm2-12a2 2 0 0 1 2 2v2h-1.5V2a.5.5 0 0 0-.5-.5H8V0h2Z\" \/>\n\t\t\t<\/svg>\n\t\t<\/button><\/figure>\n\n\n\n<p><br>Die Produktion lief lange, aber ohne gro\u00dfen Erfolg \u2013 kein Wunder bei dem Namen.<br><br>Zweite Frage:<br>Wussten Sie, dass die \u201eGesellschaft f\u00fcr deutsche Sprache (GfdS)\u201c, die hier im Haus Nr. 7 seit zehn Jahren arbeitet, ihren Hauptsitz bereits 1965 von L\u00fcneburg nach Wiesbaden verlegt hat?<br><br>Wissen Sie, wo die GfdS zwischenzeitlich in Wiesbaden versteckt war?<br><br>Nein? Ich auch nicht!<br><br>Daf\u00fcr wei\u00df ich, wie n\u00fctzlich die GfdS ist.<br>Sie leistet vieles.<br>Unter anderem erteilt sie im Internet hilfreiche Ausk\u00fcnfte.<br>Eine Nutzerin stellte dort vor Kurzem die Frage, ob es \u201eIch bin geritten! oder \u201eIch habe geritten\u201c hei\u00dft.<br><br>Antwort der GfdS:<br>Das kommt auf den Kontext an.<br>Liegt der Fokus auf der Ortsver\u00e4nderung, die durch das Reiten entsteht, so verwendet man \u201eSein\u201c \u2013 \u201eIch bin durch den Wald geritten.<\/p>\n\n\n\n<p><br>Geht es um den Vorgang des\u201c Reitens selbst, so greift man auf das \u201eHaben\u201c zur\u00fcck \u2013 \u201eIch habe das Pferd geritten\u201c \u2013 es kann auch ein Esel sein.<br><br>Das \u201eUnwort\u201c des Jahres wird \u00fcbrigens nicht von der GfdS gek\u00fcrt, sondern von einer institutionell unabh\u00e4ngigen Jury aus sechs Fachleuten.<br><br>2025 hei\u00dft das Unwort des Jahres \u201eBiodeutsch\u201c.<br><br>Die SWR-Aktuell-Moderatorin Ulrike Alex hat mit der Jurysprecherin Constanze Spie\u00df dazu ein Interview gef\u00fchrt.<br><br>Die SWR-Aktuell-Moderatorin Ulrike Alex fragte \u2013 ich zitiere:<br>\u201eBiodeutsch ist als satirischer Begriff auf Kabarettb\u00fchnen bekannt geworden. Warum ist das jetzt b\u00f6se?\u201c<br><br>Constanze Spie\u00df antwortete:<br>\u201eDas war in den 90er-Jahren, das ist jetzt auch schon eine Zeit lang her. Und wir kritisieren auch gar nicht den satirischen, ironischen Sprachgebrauch dieser Vokabel. Uns geht es darum, dass diese Vokabel zunehmend in einem w\u00f6rtlichen, unreflektierten und gedankenlosen Modus verwendet wird, um eine [\u2026] biologistische Form von Nationalit\u00e4t zu konstruieren\u2026\u201c<br><br>Ulrike Alex setzte nach:<br>\u201eMir gef\u00e4llt ja der Begriff Kartoffel-Deutsch. Ist das jetzt schlecht?\u201c<br><br>Constanze Spie\u00df:<br>\u201eDas kommt immer auf den Kontext an, w\u00fcrde ich sagen. Das kann man das nicht per se sagen, denn Unw\u00f6rter entstehen im Gebrauch, und dazu muss man sich die Kontexte anschauen.\u201c<br><br>Ich sage mir und Ihnen:<br>Wenn es vorrangig um den Zusammenhang und die Absicht einer Wort-Wahl geht, sollte man sich gut \u00fcberlegen, ob man ein Wort als \u201eUnwort\u201c etikettiert, oder nicht lieber seinen miesen Gebrauch kritisiert.<br><br>Ab 1993 war ich Gesch\u00e4ftsf\u00fchrer des Landesverbandes der Hessischen AIDS-Hilfen.<br><br>Die Hauptbetroffen-Gruppe von HIV-Infektionen waren M\u00e4nner, die Sex mit M\u00e4nnern haben.<br><br>Sie hatten sich schon damals die Beleidigung \u201eSchwule\u201c angeeignet und die Schm\u00e4hung in einen \u201eGay Pride\u201c-Begriff verwandelt.<br><br>Kr\u00e4nkungen anzuprangern, finde ich richtig.<br>Kr\u00e4nkungen in etwas Positives zu verwandeln, finde ich noch richtiger.<br><br>Zum n\u00e4chsten Haus \u2013 zu Nr. 9:<br><br>Im Untergeschoss seines Theater-Fl\u00fcgels verbergen sich drei mit Sand und Kies abdeckte, ritualbadtaugliche Tauchbecken.<\/p>\n\n\n\n<figure data-wp-context=\"{&quot;imageId&quot;:&quot;69f5acfd27b31&quot;}\" data-wp-interactive=\"core\/image\" data-wp-key=\"69f5acfd27b31\" class=\"wp-block-image size-medium wp-lightbox-container\"><img loading=\"lazy\" decoding=\"async\" width=\"300\" height=\"233\" data-wp-class--hide=\"state.isContentHidden\" data-wp-class--show=\"state.isContentVisible\" data-wp-init=\"callbacks.setButtonStyles\" data-wp-on--click=\"actions.showLightbox\" data-wp-on--load=\"callbacks.setButtonStyles\" data-wp-on-window--resize=\"callbacks.setButtonStyles\" src=\"https:\/\/www.am-spiegelgasse.de\/wp-content\/uploads\/2025\/12\/Tauchbad_2001_ohne_Rand-300x233.jpg\" alt=\"\" class=\"wp-image-2126\" srcset=\"https:\/\/www.am-spiegelgasse.de\/wp-content\/uploads\/2025\/12\/Tauchbad_2001_ohne_Rand-300x233.jpg 300w, https:\/\/www.am-spiegelgasse.de\/wp-content\/uploads\/2025\/12\/Tauchbad_2001_ohne_Rand-1024x797.jpg 1024w, https:\/\/www.am-spiegelgasse.de\/wp-content\/uploads\/2025\/12\/Tauchbad_2001_ohne_Rand-768x598.jpg 768w, https:\/\/www.am-spiegelgasse.de\/wp-content\/uploads\/2025\/12\/Tauchbad_2001_ohne_Rand-1000x778.jpg 1000w, https:\/\/www.am-spiegelgasse.de\/wp-content\/uploads\/2025\/12\/Tauchbad_2001_ohne_Rand-230x179.jpg 230w, https:\/\/www.am-spiegelgasse.de\/wp-content\/uploads\/2025\/12\/Tauchbad_2001_ohne_Rand-350x272.jpg 350w, https:\/\/www.am-spiegelgasse.de\/wp-content\/uploads\/2025\/12\/Tauchbad_2001_ohne_Rand-480x374.jpg 480w, https:\/\/www.am-spiegelgasse.de\/wp-content\/uploads\/2025\/12\/Tauchbad_2001_ohne_Rand.jpg 1285w\" sizes=\"auto, (max-width: 300px) 100vw, 300px\" \/><button\n\t\t\tclass=\"lightbox-trigger\"\n\t\t\ttype=\"button\"\n\t\t\taria-haspopup=\"dialog\"\n\t\t\taria-label=\"Vergr\u00f6\u00dfern\"\n\t\t\tdata-wp-init=\"callbacks.initTriggerButton\"\n\t\t\tdata-wp-on--click=\"actions.showLightbox\"\n\t\t\tdata-wp-style--right=\"state.imageButtonRight\"\n\t\t\tdata-wp-style--top=\"state.imageButtonTop\"\n\t\t>\n\t\t\t<svg xmlns=\"http:\/\/www.w3.org\/2000\/svg\" width=\"12\" height=\"12\" fill=\"none\" viewBox=\"0 0 12 12\">\n\t\t\t\t<path fill=\"#fff\" d=\"M2 0a2 2 0 0 0-2 2v2h1.5V2a.5.5 0 0 1 .5-.5h2V0H2Zm2 10.5H2a.5.5 0 0 1-.5-.5V8H0v2a2 2 0 0 0 2 2h2v-1.5ZM8 12v-1.5h2a.5.5 0 0 0 .5-.5V8H12v2a2 2 0 0 1-2 2H8Zm2-12a2 2 0 0 1 2 2v2h-1.5V2a.5.5 0 0 0-.5-.5H8V0h2Z\" \/>\n\t\t\t<\/svg>\n\t\t<\/button><\/figure>\n\n\n\n<p><br>Die J\u00fcdische Gemeinde Wiesbaden hatte solche Installationen dort in den 1950er Jahren beim damaligen Thermalbad-Betreiber angemietet.<br><br>Zu dieser Zeit hatte der Musikalien-Verlag \u201eBreitkopf &amp; H\u00e4rtel\u201c hier seine Gesch\u00e4ftsstelle hatte.<br><\/p>\n\n\n\n<figure data-wp-context=\"{&quot;imageId&quot;:&quot;69f5acfd28181&quot;}\" data-wp-interactive=\"core\/image\" data-wp-key=\"69f5acfd28181\" class=\"wp-block-image size-medium wp-lightbox-container\"><img loading=\"lazy\" decoding=\"async\" width=\"300\" height=\"253\" data-wp-class--hide=\"state.isContentHidden\" data-wp-class--show=\"state.isContentVisible\" data-wp-init=\"callbacks.setButtonStyles\" data-wp-on--click=\"actions.showLightbox\" data-wp-on--load=\"callbacks.setButtonStyles\" data-wp-on-window--resize=\"callbacks.setButtonStyles\" src=\"https:\/\/www.am-spiegelgasse.de\/wp-content\/uploads\/2025\/12\/1950er_Jahre_Nr_9_Bueros_von_Breitkopf_Haertel-300x253.jpg\" alt=\"\" class=\"wp-image-2123\" srcset=\"https:\/\/www.am-spiegelgasse.de\/wp-content\/uploads\/2025\/12\/1950er_Jahre_Nr_9_Bueros_von_Breitkopf_Haertel-300x253.jpg 300w, https:\/\/www.am-spiegelgasse.de\/wp-content\/uploads\/2025\/12\/1950er_Jahre_Nr_9_Bueros_von_Breitkopf_Haertel-1024x863.jpg 1024w, https:\/\/www.am-spiegelgasse.de\/wp-content\/uploads\/2025\/12\/1950er_Jahre_Nr_9_Bueros_von_Breitkopf_Haertel-768x647.jpg 768w, https:\/\/www.am-spiegelgasse.de\/wp-content\/uploads\/2025\/12\/1950er_Jahre_Nr_9_Bueros_von_Breitkopf_Haertel-1000x842.jpg 1000w, https:\/\/www.am-spiegelgasse.de\/wp-content\/uploads\/2025\/12\/1950er_Jahre_Nr_9_Bueros_von_Breitkopf_Haertel-230x194.jpg 230w, https:\/\/www.am-spiegelgasse.de\/wp-content\/uploads\/2025\/12\/1950er_Jahre_Nr_9_Bueros_von_Breitkopf_Haertel-350x295.jpg 350w, https:\/\/www.am-spiegelgasse.de\/wp-content\/uploads\/2025\/12\/1950er_Jahre_Nr_9_Bueros_von_Breitkopf_Haertel-480x404.jpg 480w, https:\/\/www.am-spiegelgasse.de\/wp-content\/uploads\/2025\/12\/1950er_Jahre_Nr_9_Bueros_von_Breitkopf_Haertel.jpg 1187w\" sizes=\"auto, (max-width: 300px) 100vw, 300px\" \/><button\n\t\t\tclass=\"lightbox-trigger\"\n\t\t\ttype=\"button\"\n\t\t\taria-haspopup=\"dialog\"\n\t\t\taria-label=\"Vergr\u00f6\u00dfern\"\n\t\t\tdata-wp-init=\"callbacks.initTriggerButton\"\n\t\t\tdata-wp-on--click=\"actions.showLightbox\"\n\t\t\tdata-wp-style--right=\"state.imageButtonRight\"\n\t\t\tdata-wp-style--top=\"state.imageButtonTop\"\n\t\t>\n\t\t\t<svg xmlns=\"http:\/\/www.w3.org\/2000\/svg\" width=\"12\" height=\"12\" fill=\"none\" viewBox=\"0 0 12 12\">\n\t\t\t\t<path fill=\"#fff\" d=\"M2 0a2 2 0 0 0-2 2v2h1.5V2a.5.5 0 0 1 .5-.5h2V0H2Zm2 10.5H2a.5.5 0 0 1-.5-.5V8H0v2a2 2 0 0 0 2 2h2v-1.5ZM8 12v-1.5h2a.5.5 0 0 0 .5-.5V8H12v2a2 2 0 0 1-2 2H8Zm2-12a2 2 0 0 1 2 2v2h-1.5V2a.5.5 0 0 0-.5-.5H8V0h2Z\" \/>\n\t\t\t<\/svg>\n\t\t<\/button><\/figure>\n\n\n\n<p><br><br>Wer wei\u00df schon, dass das, was wir hier vom \u201ePariser Hof\u201c sehen, bereits 1833 fertig gestellt wurde und die \u00e4lteren Geb\u00e4ude des Badhauses \u201eZum Rebhuhn\u201c ersetzte, das erstmals 1717 urkundlich erw\u00e4hnt ist.<br><br>Und wer wei\u00df schon, dass das AMS-Ausstellungshaus in der Spiegelgasse. 11 das einzige \u00dcberbleibsel des Rebhuhn-Ensembles vom Anfang des 18. Jahrhunderts ist.<br><\/p>\n\n\n\n<figure data-wp-context=\"{&quot;imageId&quot;:&quot;69f5acfd286c0&quot;}\" data-wp-interactive=\"core\/image\" data-wp-key=\"69f5acfd286c0\" class=\"wp-block-image size-medium wp-lightbox-container\"><img loading=\"lazy\" decoding=\"async\" width=\"300\" height=\"231\" data-wp-class--hide=\"state.isContentHidden\" data-wp-class--show=\"state.isContentVisible\" data-wp-init=\"callbacks.setButtonStyles\" data-wp-on--click=\"actions.showLightbox\" data-wp-on--load=\"callbacks.setButtonStyles\" data-wp-on-window--resize=\"callbacks.setButtonStyles\" src=\"https:\/\/www.am-spiegelgasse.de\/wp-content\/uploads\/2025\/12\/Korrigiert_Bubner_Rekonstruktion_Badhaus_1831-33_Nr_2-300x231.jpg\" alt=\"\" class=\"wp-image-2125\" srcset=\"https:\/\/www.am-spiegelgasse.de\/wp-content\/uploads\/2025\/12\/Korrigiert_Bubner_Rekonstruktion_Badhaus_1831-33_Nr_2-300x231.jpg 300w, https:\/\/www.am-spiegelgasse.de\/wp-content\/uploads\/2025\/12\/Korrigiert_Bubner_Rekonstruktion_Badhaus_1831-33_Nr_2-1024x788.jpg 1024w, https:\/\/www.am-spiegelgasse.de\/wp-content\/uploads\/2025\/12\/Korrigiert_Bubner_Rekonstruktion_Badhaus_1831-33_Nr_2-768x591.jpg 768w, https:\/\/www.am-spiegelgasse.de\/wp-content\/uploads\/2025\/12\/Korrigiert_Bubner_Rekonstruktion_Badhaus_1831-33_Nr_2-1000x769.jpg 1000w, https:\/\/www.am-spiegelgasse.de\/wp-content\/uploads\/2025\/12\/Korrigiert_Bubner_Rekonstruktion_Badhaus_1831-33_Nr_2-230x177.jpg 230w, https:\/\/www.am-spiegelgasse.de\/wp-content\/uploads\/2025\/12\/Korrigiert_Bubner_Rekonstruktion_Badhaus_1831-33_Nr_2-350x269.jpg 350w, https:\/\/www.am-spiegelgasse.de\/wp-content\/uploads\/2025\/12\/Korrigiert_Bubner_Rekonstruktion_Badhaus_1831-33_Nr_2-480x369.jpg 480w, https:\/\/www.am-spiegelgasse.de\/wp-content\/uploads\/2025\/12\/Korrigiert_Bubner_Rekonstruktion_Badhaus_1831-33_Nr_2.jpg 1300w\" sizes=\"auto, (max-width: 300px) 100vw, 300px\" \/><button\n\t\t\tclass=\"lightbox-trigger\"\n\t\t\ttype=\"button\"\n\t\t\taria-haspopup=\"dialog\"\n\t\t\taria-label=\"Vergr\u00f6\u00dfern\"\n\t\t\tdata-wp-init=\"callbacks.initTriggerButton\"\n\t\t\tdata-wp-on--click=\"actions.showLightbox\"\n\t\t\tdata-wp-style--right=\"state.imageButtonRight\"\n\t\t\tdata-wp-style--top=\"state.imageButtonTop\"\n\t\t>\n\t\t\t<svg xmlns=\"http:\/\/www.w3.org\/2000\/svg\" width=\"12\" height=\"12\" fill=\"none\" viewBox=\"0 0 12 12\">\n\t\t\t\t<path fill=\"#fff\" d=\"M2 0a2 2 0 0 0-2 2v2h1.5V2a.5.5 0 0 1 .5-.5h2V0H2Zm2 10.5H2a.5.5 0 0 1-.5-.5V8H0v2a2 2 0 0 0 2 2h2v-1.5ZM8 12v-1.5h2a.5.5 0 0 0 .5-.5V8H12v2a2 2 0 0 1-2 2H8Zm2-12a2 2 0 0 1 2 2v2h-1.5V2a.5.5 0 0 0-.5-.5H8V0h2Z\" \/>\n\t\t\t<\/svg>\n\t\t<\/button><\/figure>\n\n\n\n<p><br>Eine 2022 f\u00fcr das AMS von Berthold Bubner angefertigte Rekonstruktionszeichnung zeigt eine Ansicht von 1833.<br><br>Das einfache Nutzgeb\u00e4ude links hat die Abriss-Pl\u00e4ne von 1987 \u00fcberstanden.<br><br>Diesem einfachen Nutzgeb\u00e4ude ging schon davor manchmal ziemlich schlecht.<br><br>1962 war es von einem Zaun umschlossen.<br><\/p>\n\n\n\n<figure data-wp-context=\"{&quot;imageId&quot;:&quot;69f5acfd28ca4&quot;}\" data-wp-interactive=\"core\/image\" data-wp-key=\"69f5acfd28ca4\" class=\"wp-block-image size-medium wp-lightbox-container\"><img loading=\"lazy\" decoding=\"async\" width=\"300\" height=\"231\" data-wp-class--hide=\"state.isContentHidden\" data-wp-class--show=\"state.isContentVisible\" data-wp-init=\"callbacks.setButtonStyles\" data-wp-on--click=\"actions.showLightbox\" data-wp-on--load=\"callbacks.setButtonStyles\" data-wp-on-window--resize=\"callbacks.setButtonStyles\" src=\"https:\/\/www.am-spiegelgasse.de\/wp-content\/uploads\/2025\/12\/1962_Haus_Nr_11_eingezaeunt-300x231.jpg\" alt=\"\" class=\"wp-image-2124\" srcset=\"https:\/\/www.am-spiegelgasse.de\/wp-content\/uploads\/2025\/12\/1962_Haus_Nr_11_eingezaeunt-300x231.jpg 300w, https:\/\/www.am-spiegelgasse.de\/wp-content\/uploads\/2025\/12\/1962_Haus_Nr_11_eingezaeunt-1024x790.jpg 1024w, https:\/\/www.am-spiegelgasse.de\/wp-content\/uploads\/2025\/12\/1962_Haus_Nr_11_eingezaeunt-768x593.jpg 768w, https:\/\/www.am-spiegelgasse.de\/wp-content\/uploads\/2025\/12\/1962_Haus_Nr_11_eingezaeunt-1000x772.jpg 1000w, https:\/\/www.am-spiegelgasse.de\/wp-content\/uploads\/2025\/12\/1962_Haus_Nr_11_eingezaeunt-230x177.jpg 230w, https:\/\/www.am-spiegelgasse.de\/wp-content\/uploads\/2025\/12\/1962_Haus_Nr_11_eingezaeunt-350x270.jpg 350w, https:\/\/www.am-spiegelgasse.de\/wp-content\/uploads\/2025\/12\/1962_Haus_Nr_11_eingezaeunt-480x370.jpg 480w, https:\/\/www.am-spiegelgasse.de\/wp-content\/uploads\/2025\/12\/1962_Haus_Nr_11_eingezaeunt.jpg 1296w\" sizes=\"auto, (max-width: 300px) 100vw, 300px\" \/><button\n\t\t\tclass=\"lightbox-trigger\"\n\t\t\ttype=\"button\"\n\t\t\taria-haspopup=\"dialog\"\n\t\t\taria-label=\"Vergr\u00f6\u00dfern\"\n\t\t\tdata-wp-init=\"callbacks.initTriggerButton\"\n\t\t\tdata-wp-on--click=\"actions.showLightbox\"\n\t\t\tdata-wp-style--right=\"state.imageButtonRight\"\n\t\t\tdata-wp-style--top=\"state.imageButtonTop\"\n\t\t>\n\t\t\t<svg xmlns=\"http:\/\/www.w3.org\/2000\/svg\" width=\"12\" height=\"12\" fill=\"none\" viewBox=\"0 0 12 12\">\n\t\t\t\t<path fill=\"#fff\" d=\"M2 0a2 2 0 0 0-2 2v2h1.5V2a.5.5 0 0 1 .5-.5h2V0H2Zm2 10.5H2a.5.5 0 0 1-.5-.5V8H0v2a2 2 0 0 0 2 2h2v-1.5ZM8 12v-1.5h2a.5.5 0 0 0 .5-.5V8H12v2a2 2 0 0 1-2 2H8Zm2-12a2 2 0 0 1 2 2v2h-1.5V2a.5.5 0 0 0-.5-.5H8V0h2Z\" \/>\n\t\t\t<\/svg>\n\t\t<\/button><\/figure>\n\n\n\n<p><br>Vor dem ersten Weltkrieg lag das Haus Nr. 11 am Lieferanten-Eingang zum Nassauer Hof.<br><\/p>\n\n\n\n<figure data-wp-context=\"{&quot;imageId&quot;:&quot;69f5acfd29159&quot;}\" data-wp-interactive=\"core\/image\" data-wp-key=\"69f5acfd29159\" class=\"wp-block-image size-medium wp-lightbox-container\"><img loading=\"lazy\" decoding=\"async\" width=\"300\" height=\"242\" data-wp-class--hide=\"state.isContentHidden\" data-wp-class--show=\"state.isContentVisible\" data-wp-init=\"callbacks.setButtonStyles\" data-wp-on--click=\"actions.showLightbox\" data-wp-on--load=\"callbacks.setButtonStyles\" data-wp-on-window--resize=\"callbacks.setButtonStyles\" src=\"https:\/\/www.am-spiegelgasse.de\/wp-content\/uploads\/2025\/12\/vor_dem_Ersten_Weltkrieg_Haus_Nr_11-300x242.jpg\" alt=\"\" class=\"wp-image-2127\" srcset=\"https:\/\/www.am-spiegelgasse.de\/wp-content\/uploads\/2025\/12\/vor_dem_Ersten_Weltkrieg_Haus_Nr_11-300x242.jpg 300w, https:\/\/www.am-spiegelgasse.de\/wp-content\/uploads\/2025\/12\/vor_dem_Ersten_Weltkrieg_Haus_Nr_11-1024x825.jpg 1024w, https:\/\/www.am-spiegelgasse.de\/wp-content\/uploads\/2025\/12\/vor_dem_Ersten_Weltkrieg_Haus_Nr_11-768x619.jpg 768w, https:\/\/www.am-spiegelgasse.de\/wp-content\/uploads\/2025\/12\/vor_dem_Ersten_Weltkrieg_Haus_Nr_11-1000x806.jpg 1000w, https:\/\/www.am-spiegelgasse.de\/wp-content\/uploads\/2025\/12\/vor_dem_Ersten_Weltkrieg_Haus_Nr_11-230x185.jpg 230w, https:\/\/www.am-spiegelgasse.de\/wp-content\/uploads\/2025\/12\/vor_dem_Ersten_Weltkrieg_Haus_Nr_11-350x282.jpg 350w, https:\/\/www.am-spiegelgasse.de\/wp-content\/uploads\/2025\/12\/vor_dem_Ersten_Weltkrieg_Haus_Nr_11-480x387.jpg 480w, https:\/\/www.am-spiegelgasse.de\/wp-content\/uploads\/2025\/12\/vor_dem_Ersten_Weltkrieg_Haus_Nr_11.jpg 1241w\" sizes=\"auto, (max-width: 300px) 100vw, 300px\" \/><button\n\t\t\tclass=\"lightbox-trigger\"\n\t\t\ttype=\"button\"\n\t\t\taria-haspopup=\"dialog\"\n\t\t\taria-label=\"Vergr\u00f6\u00dfern\"\n\t\t\tdata-wp-init=\"callbacks.initTriggerButton\"\n\t\t\tdata-wp-on--click=\"actions.showLightbox\"\n\t\t\tdata-wp-style--right=\"state.imageButtonRight\"\n\t\t\tdata-wp-style--top=\"state.imageButtonTop\"\n\t\t>\n\t\t\t<svg xmlns=\"http:\/\/www.w3.org\/2000\/svg\" width=\"12\" height=\"12\" fill=\"none\" viewBox=\"0 0 12 12\">\n\t\t\t\t<path fill=\"#fff\" d=\"M2 0a2 2 0 0 0-2 2v2h1.5V2a.5.5 0 0 1 .5-.5h2V0H2Zm2 10.5H2a.5.5 0 0 1-.5-.5V8H0v2a2 2 0 0 0 2 2h2v-1.5ZM8 12v-1.5h2a.5.5 0 0 0 .5-.5V8H12v2a2 2 0 0 1-2 2H8Zm2-12a2 2 0 0 1 2 2v2h-1.5V2a.5.5 0 0 0-.5-.5H8V0h2Z\" \/>\n\t\t\t<\/svg>\n\t\t<\/button><\/figure>\n\n\n\n<p><br>Diese Ecke war damals keine Schokoladen-Seite der Stadt Wiesbaden.<br>Sie war der Keks.<br><br>Es gibt nicht immer ein \u201eentweder\/oder\u201c \u2013 ein \u201eKeks oder Schokolade\u201c.<br><br>Es gibt auch \u201eLeibniz Choco\u201c-Kekse und die \u201ePrinzen-Rolle\u201c.<br><br>Dieser Platz hier ist n\u00fctzlich und sch\u00f6n.<br><br>Dieser Platz hier hat das Zeug dazu, die \u201ePrinzen-Rolle\u201c dauerhaft auszuf\u00fcllen.<br><br>Er kann und wird das schaffen, wenn wir uns jetzt nicht auf unseren Lorbeeren ausruhen, sondern geben, was wir k\u00f6nnen, damit die Aufenthaltsqualit\u00e4t und Lebensqualit\u00e4t hier wachsen und gediehen.<br><br><strong>Vielen Dank!<\/strong><\/p>\n<\/div>\n<\/div>\n<\/div>\n\n\n\n<p><\/p>\n","protected":false},"excerpt":{"rendered":"<p>Gru\u00dfwort von Georg Habs (AMS) zur feierlichen Er\u00f6ffnung des neu gestalteten Platzes an der Spiegelgasse am Samstag, dem 29. November 2025 von [&hellip;]<\/p>\n","protected":false},"author":1,"featured_media":0,"parent":0,"menu_order":0,"comment_status":"closed","ping_status":"closed","template":"","meta":{"footnotes":""},"class_list":["post-2134","page","type-page","status-publish","hentry"],"_links":{"self":[{"href":"https:\/\/www.am-spiegelgasse.de\/index.php\/wp-json\/wp\/v2\/pages\/2134","targetHints":{"allow":["GET"]}}],"collection":[{"href":"https:\/\/www.am-spiegelgasse.de\/index.php\/wp-json\/wp\/v2\/pages"}],"about":[{"href":"https:\/\/www.am-spiegelgasse.de\/index.php\/wp-json\/wp\/v2\/types\/page"}],"author":[{"embeddable":true,"href":"https:\/\/www.am-spiegelgasse.de\/index.php\/wp-json\/wp\/v2\/users\/1"}],"replies":[{"embeddable":true,"href":"https:\/\/www.am-spiegelgasse.de\/index.php\/wp-json\/wp\/v2\/comments?post=2134"}],"version-history":[{"count":38,"href":"https:\/\/www.am-spiegelgasse.de\/index.php\/wp-json\/wp\/v2\/pages\/2134\/revisions"}],"predecessor-version":[{"id":2187,"href":"https:\/\/www.am-spiegelgasse.de\/index.php\/wp-json\/wp\/v2\/pages\/2134\/revisions\/2187"}],"wp:attachment":[{"href":"https:\/\/www.am-spiegelgasse.de\/index.php\/wp-json\/wp\/v2\/media?parent=2134"}],"curies":[{"name":"wp","href":"https:\/\/api.w.org\/{rel}","templated":true}]}}